{"id":1037,"date":"2025-03-22T06:54:45","date_gmt":"2025-03-22T05:54:45","guid":{"rendered":"https:\/\/ia-dev.hes-so.ch\/ona\/?page_id=1037"},"modified":"2025-05-12T14:08:57","modified_gmt":"2025-05-12T12:08:57","slug":"voyage-au-coeur-des-universites-en-europe","status":"publish","type":"page","link":"https:\/\/ia-dev.hes-so.ch\/ona\/","title":{"rendered":"(R)\u00c9volution de nos formations"},"content":{"rendered":"\n<div id=\"ez-toc-container\" class=\"ez-toc-v2_0_82_2 counter-hierarchy ez-toc-counter ez-toc-grey ez-toc-container-direction\">\n<div class=\"ez-toc-title-container\">\n<p class=\"ez-toc-title\" style=\"cursor:inherit\">Table des mati\u00e8res<\/p>\n<span class=\"ez-toc-title-toggle\"><a href=\"#\" class=\"ez-toc-pull-right ez-toc-btn ez-toc-btn-xs ez-toc-btn-default ez-toc-toggle\" aria-label=\"Toggle Table of Content\"><span class=\"ez-toc-js-icon-con\"><span class=\"\"><span class=\"eztoc-hide\" style=\"display:none;\">Toggle<\/span><span class=\"ez-toc-icon-toggle-span\"><svg style=\"fill: #999;color:#999\" xmlns=\"http:\/\/www.w3.org\/2000\/svg\" class=\"list-377408\" width=\"20px\" height=\"20px\" viewBox=\"0 0 24 24\" fill=\"none\"><path d=\"M6 6H4v2h2V6zm14 0H8v2h12V6zM4 11h2v2H4v-2zm16 0H8v2h12v-2zM4 16h2v2H4v-2zm16 0H8v2h12v-2z\" fill=\"currentColor\"><\/path><\/svg><svg style=\"fill: #999;color:#999\" class=\"arrow-unsorted-368013\" xmlns=\"http:\/\/www.w3.org\/2000\/svg\" width=\"10px\" height=\"10px\" viewBox=\"0 0 24 24\" version=\"1.2\" baseProfile=\"tiny\"><path d=\"M18.2 9.3l-6.2-6.3-6.2 6.3c-.2.2-.3.4-.3.7s.1.5.3.7c.2.2.4.3.7.3h11c.3 0 .5-.1.7-.3.2-.2.3-.5.3-.7s-.1-.5-.3-.7zM5.8 14.7l6.2 6.3 6.2-6.3c.2-.2.3-.5.3-.7s-.1-.5-.3-.7c-.2-.2-.4-.3-.7-.3h-11c-.3 0-.5.1-.7.3-.2.2-.3.5-.3.7s.1.5.3.7z\"\/><\/svg><\/span><\/span><\/span><\/a><\/span><\/div>\n<nav><ul class='ez-toc-list ez-toc-list-level-1 ' ><li class='ez-toc-page-1 ez-toc-heading-level-3'><a class=\"ez-toc-link ez-toc-heading-1\" href=\"https:\/\/ia-dev.hes-so.ch\/ona\/#Contexte\" >Contexte<\/a><\/li><li class='ez-toc-page-1 ez-toc-heading-level-3'><a class=\"ez-toc-link ez-toc-heading-2\" href=\"https:\/\/ia-dev.hes-so.ch\/ona\/#Visites\" >Visites<\/a><\/li><li class='ez-toc-page-1 ez-toc-heading-level-3'><a class=\"ez-toc-link ez-toc-heading-3\" href=\"https:\/\/ia-dev.hes-so.ch\/ona\/#Remerciements\" >Remerciements<\/a><\/li><li class='ez-toc-page-1 ez-toc-heading-level-3'><a class=\"ez-toc-link ez-toc-heading-4\" href=\"https:\/\/ia-dev.hes-so.ch\/ona\/#Bonne_lecture_a_toutes_et_a_tous\" >Bonne lecture \u00e0 toutes et \u00e0 tous !<\/a><\/li><\/ul><\/nav><\/div>\n<h3 class=\"wp-block-heading\"><span class=\"ez-toc-section\" id=\"Contexte\"><\/span>Contexte<span class=\"ez-toc-section-end\"><\/span><\/h3>\n\n\n\n<p>\u00c0 la rencontre des universit\u00e9s europ\u00e9ennes pour r\u00e9inventer l&rsquo;ing\u00e9nierie, renforcer l&#8217;employabilit\u00e9 et rapprocher l\u2019enseignement du monde professionnel.<\/p>\n\n\n\n<p>Bienvenue sur cette plateforme d\u00e9di\u00e9e \u00e0 mon voyage acad\u00e9mique 2025 \u00e0 travers l\u2019Europe, r\u00e9alis\u00e9 dans le cadre de mon cong\u00e9 scientifique en tant que Doyen de la Facult\u00e9 Ing\u00e9nierie et Architecture de la HES-SO.<\/p>\n\n\n\n<p>Ce p\u00e9riple est consacr\u00e9 \u00e0 l\u2019exploration des strat\u00e9gies mises en \u0153uvre dans les universit\u00e9s europ\u00e9ennes pour :<\/p>\n\n\n\n<ul class=\"wp-block-list\">\n<li>Construire des programmes en lien \u00e9troit avec les milieux industriels<\/li>\n\n\n\n<li>Renforcer l\u2019attractivit\u00e9 des formations en ing\u00e9nierie<\/li>\n\n\n\n<li>Comparer les formations courtes professionnalisantes et les parcours classiques d\u2019ing\u00e9nieur<\/li>\n\n\n\n<li>D\u00e9velopper la flexibilit\u00e9 des cursus et les parcours individualis\u00e9s<\/li>\n\n\n\n<li>Articuler efficacement enseignement et recherche<\/li>\n<\/ul>\n\n\n\n<p class=\"has-text-align-left\">L\u2019ambition est de maintenir et stimuler notre capacit\u00e9 d&rsquo;innovation p\u00e9dagogique, afin de renforcer l\u2019attractivit\u00e9 des fili\u00e8res d\u2019ing\u00e9nierie et de garantir l\u2019employabilit\u00e9 des dipl\u00f4m\u00e9es et dipl\u00f4m\u00e9s de demain.<\/p>\n\n\n\n<p>Suivez mon parcours et d\u00e9couvrez comment l\u2019Europe repense ses formations pour mieux r\u00e9pondre aux d\u00e9fis soci\u00e9taux contemporains, en particulier les enjeux li\u00e9s \u00e0 la durabilit\u00e9.<\/p>\n\n\n\n<p><em><strong>\u00c0 noter<\/strong> : <\/em><\/p>\n\n\n\n<ul class=\"wp-block-list\">\n<li><em>Le choix des universit\u00e9s visit\u00e9es est enti\u00e8rement personnel et n\u2019implique aucun classement<\/em><\/li>\n\n\n\n<li><em>Les propos du site sont parfois tir\u00e9s de la litt\u00e9rature et donc v\u00e9rifiables, parfois ressortent d&rsquo;une prise de note au cours des entretiens et doivent \u00eatre pris comme une information non v\u00e9rifi\u00e9e que j&rsquo;ai pu interpr\u00e9ter. <\/em><\/li>\n<\/ul>\n\n\n\n<h3 class=\"wp-block-heading\"><span class=\"ez-toc-section\" id=\"Visites\"><\/span>Visites<span class=\"ez-toc-section-end\"><\/span><\/h3>\n\n\n\n<figure class=\"wp-block-image size-large\"><img loading=\"lazy\" decoding=\"async\" width=\"1024\" height=\"618\" src=\"https:\/\/ia-dev.hes-so.ch\/ona\/wp-content\/uploads\/2025\/04\/Carte_Visites-1024x618.png\" alt=\"Visites\" class=\"wp-image-1080\" srcset=\"https:\/\/ia-dev.hes-so.ch\/ona\/wp-content\/uploads\/2025\/04\/Carte_Visites-1024x618.png 1024w, https:\/\/ia-dev.hes-so.ch\/ona\/wp-content\/uploads\/2025\/04\/Carte_Visites-300x181.png 300w, https:\/\/ia-dev.hes-so.ch\/ona\/wp-content\/uploads\/2025\/04\/Carte_Visites-768x464.png 768w, https:\/\/ia-dev.hes-so.ch\/ona\/wp-content\/uploads\/2025\/04\/Carte_Visites-1536x928.png 1536w, https:\/\/ia-dev.hes-so.ch\/ona\/wp-content\/uploads\/2025\/04\/Carte_Visites.png 1800w\" sizes=\"auto, (max-width: 1024px) 100vw, 1024px\" \/><figcaption class=\"wp-element-caption\">Carte avec les positions des visites des universit\u00e9s.<\/figcaption><\/figure>\n\n\n\n<h3 class=\"wp-block-heading\"><span class=\"ez-toc-section\" id=\"Remerciements\"><\/span>Remerciements<span class=\"ez-toc-section-end\"><\/span><\/h3>\n\n\n\n<p>Pourvoir b\u00e9n\u00e9ficier d\u2019un cong\u00e9 scientifique reste un privil\u00e8ge. Il offre un espace de r\u00e9flexion et de d\u00e9veloppement personnel.<\/p>\n\n\n\n<p>Ce privil\u00e8ge n\u2019est possible que par l\u2019implication d\u2019autres personnes tant au niveau institutionnel que familial. Par ces quelques mots, je tiens \u00e0 remercier Luciana Vaccaro, Rectrice de la HES\u2011SO, qui me permet de r\u00e9aliser ce cong\u00e9 scientifique avec la possibilit\u00e9 de visiter quelques universit\u00e9s au nord de l\u2019Europe. Mes remerciements vont \u00e9galement \u00e0 Maude Michaud, Responsable des ressources humaines \u00e0 la HES\u2011SO, qui me soutient dans mes d\u00e9marches. Un tout grand merci \u00e9galement au Conseil de domaine (C\u00ad-Dom) qui accepte que je puisse partir durant presque 6&nbsp;mois et \u00e0 Ga\u00ebtan Cherix, Directeur de la HES-SO Valais-Wallis Haute \u00e9cole d\u2019ing\u00e9nierie, qui assure la pr\u00e9sidence <em>a.i.<\/em> dudit C-Dom durant cette p\u00e9riode.Dans mes remerciements, je ne peux oublier ma gratitude \u00e0 toute l\u2019\u00e9quipe du domaine Ing\u00e9nierie et Architecture (IA) et tout particuli\u00e8rement \u00e0 Marie Savoy, Justine Juillet et Elodie Cattin qui acceptent toutes et tous un investissement extraordinaire pour m\u2019offrir cette opportunit\u00e9.<\/p>\n\n\n\n<p>Bien entendu, un grand merci \u00e0 mon \u00e9pouse qui partage mon aventure et \u00e0 nos 4 filles qui, \u00e0 tour de r\u00f4le, s\u2019occupent de notre maison et de son jardin durant notre absence.<\/p>\n\n\n\n<p>Finalement, je tiens \u00e0 remercier de mani\u00e8re toute particuli\u00e8re les universit\u00e9s qui m\u2019ont accueilli avec g\u00e9n\u00e9rosit\u00e9.<\/p>\n\n\n\n<h3 class=\"wp-block-heading\"><span class=\"ez-toc-section\" id=\"Bonne_lecture_a_toutes_et_a_tous\"><\/span><strong>Bonne lecture \u00e0 toutes et \u00e0 tous !<\/strong><span class=\"ez-toc-section-end\"><\/span><\/h3>\n\n\n\n<p>Prof. Olivier Naef, HES-SO | Doyen de la Facult\u00e9 Ing\u00e9nierie et Architecture<\/p>\n","protected":false},"excerpt":{"rendered":"<p>Contexte \u00c0 la rencontre des universit\u00e9s europ\u00e9ennes pour r\u00e9inventer l&rsquo;ing\u00e9nierie, renforcer l&#8217;employabilit\u00e9 et rapprocher l\u2019enseignement du monde professionnel. Bienvenue sur [&hellip;]<\/p>\n","protected":false},"author":1,"featured_media":0,"parent":0,"menu_order":0,"comment_status":"closed","ping_status":"closed","template":"","meta":{"footnotes":""},"class_list":["post-1037","page","type-page","status-publish","hentry"],"_links":{"self":[{"href":"https:\/\/ia-dev.hes-so.ch\/ona\/wp-json\/wp\/v2\/pages\/1037","targetHints":{"allow":["GET"]}}],"collection":[{"href":"https:\/\/ia-dev.hes-so.ch\/ona\/wp-json\/wp\/v2\/pages"}],"about":[{"href":"https:\/\/ia-dev.hes-so.ch\/ona\/wp-json\/wp\/v2\/types\/page"}],"author":[{"embeddable":true,"href":"https:\/\/ia-dev.hes-so.ch\/ona\/wp-json\/wp\/v2\/users\/1"}],"replies":[{"embeddable":true,"href":"https:\/\/ia-dev.hes-so.ch\/ona\/wp-json\/wp\/v2\/comments?post=1037"}],"version-history":[{"count":19,"href":"https:\/\/ia-dev.hes-so.ch\/ona\/wp-json\/wp\/v2\/pages\/1037\/revisions"}],"predecessor-version":[{"id":1240,"href":"https:\/\/ia-dev.hes-so.ch\/ona\/wp-json\/wp\/v2\/pages\/1037\/revisions\/1240"}],"wp:attachment":[{"href":"https:\/\/ia-dev.hes-so.ch\/ona\/wp-json\/wp\/v2\/media?parent=1037"}],"curies":[{"name":"wp","href":"https:\/\/api.w.org\/{rel}","templated":true}]}}